{"id":844,"date":"2015-08-26T03:52:48","date_gmt":"2015-08-26T01:52:48","guid":{"rendered":"http:\/\/www.segunda-feira.de\/?page_id=844"},"modified":"2015-08-26T03:56:59","modified_gmt":"2015-08-26T01:56:59","slug":"klimawandel-und-weltbevoelkerung","status":"publish","type":"page","link":"http:\/\/www.segunda-feira.de\/?page_id=844","title":{"rendered":"Klimawandel und Weltbev\u00f6lkerung"},"content":{"rendered":"<p>Der Klimawandel, also die Erw\u00e4rmung der Luft und der Ozeane sowie der Anstieg des Meeresspiegels und das Schmelzen des Eises der Polkappen und der Mehrheit der Gletscher, ist ein reales Ph\u00e4nomen, und er wird mit einer Wahrscheinlichkeit von 95-100 Prozent vom Menschen verursacht. Wer daran zweifelt, sollte sich mit den Fakten des Klimawandels besch\u00e4ftigen.<\/p>\n<p>Die Ursache f\u00fcr den Klimawandel ist die von Menschen gemachte Emission von Treibhausgasen (<a href=\"http:\/\/www.climatechange2013.org\/images\/report\/WG1AR5_SPM_brochure_de.pdf\" target=\"_blank\">5. Sachstandsbericht des IPCC 2013\/14 (WG I, SPM, Abschnitt D.3)<\/a>).<\/p>\n<p>Weitere Quellen f\u00fcr die Ursachen:<\/p>\n<ul>\n<li><a href=\"http:\/\/www.klimafakten.de\/behauptungen\/behauptung-es-gibt-viele-moegliche-gruende-fuer-die-derzeitige-erderwaermung\" target=\"_blank\">http:\/\/www.klimafakten.de\/behauptungen\/behauptung-es-gibt-viele-moegliche-gruende-fuer-die-derzeitige-erderwaermung<\/a><\/li>\n<li><a href=\"http:\/\/www.klimafakten.de\/behauptungen\/behauptung-die-co2-emissionen-des-menschen-sind-winzig\" target=\"_blank\">http:\/\/www.klimafakten.de\/behauptungen\/behauptung-die-co2-emissionen-des-menschen-sind-winzig<\/a><\/li>\n<\/ul>\n<p>Die Folgen des Klimawandels sind:<\/p>\n<ul>\n<li>Bei ungebremsten Treibhausgasemissionen (Verdoppelung der Emissionen): 1,5-4,5 Grad mehr in 2100<\/li>\n<li>Engp\u00e4sse bei der Trinkwasserversorgung in Entwicklungsl\u00e4ndern<\/li>\n<li>Fluten und Naturkatastrophen, extreme Wetterverh\u00e4ltnisse<\/li>\n<li>Flucht der Menschen von den K\u00fcsten ins Inland<\/li>\n<li>Migration aufgrund von Umwelteinfl\u00fcssen<\/li>\n<li>Kriege aufgrund von Hunger<\/li>\n<li>R\u00fcckgang der Maisproduktion im S\u00fcden Afrikas um 20 %<\/li>\n<\/ul>\n<p>Wie eine Welt auss\u00e4he, die im Mittel um 4 Grad w\u00e4rmer ist, kann man <a href=\"http:\/\/www.klimafakten.de\/klimawissenschaft\/eine-welt-mit-4-degc-erwaermung-wie-saehe-sie-aus\" target=\"_blank\">hier <\/a>nachlesen.<\/p>\n<p>Als Ma\u00dfnahmen gegen den Klimawandel werden genannt (Quelle: <a href=\"http:\/\/www.klimafakten.de\/behauptungen\/behauptung-klimaschutz-ist-zu-schwierig-und-viel-zu-teuer\" target=\"_blank\">http:\/\/www.klimafakten.de\/behauptungen\/behauptung-klimaschutz-ist-zu-schwierig-und-viel-zu-teuer<\/a>):<\/p>\n<ul>\n<li>Senkung des Benzinverbrauchs<\/li>\n<li>Reduzierung der Fahrleistung<\/li>\n<li>Energieeffizientere Geb\u00e4ude<\/li>\n<li>Ausbau der Windkraft<\/li>\n<li>Ausbau der Photovoltaik<\/li>\n<li>Erdgas statt Kohle<\/li>\n<li>Erh\u00f6hung des Wirkungsgrades konventioneller Kohlekraftwerke<\/li>\n<li>CCS-Kraftwerke (Abscheidung und unterirdische Verpressung von Kohlendioxid)<\/li>\n<li>Regenwaldschutz und klimaschonende Bewirtschaftung von W\u00e4ldern in der gem\u00e4\u00dfigten und tropischen Zone<\/li>\n<li>Bodenschonende Landwirtschaft (weltweite Etablierung der pfluglosen Landwirtschaft)<\/li>\n<\/ul>\n<p>F\u00fcr die meisten Leser sind diese Erkenntnisse nicht neu. Der Klimawandel wird kommen, und die Gegenma\u00dfnahmen kommen zu sp\u00e4t. Da wir alle in einer Welt leben, ist auch klar, dass der Wandel uns alle trifft. \u00dcberall wird es zu einem Temperaturanstieg kommen und wird es mehr extreme Wetterph\u00e4nomene geben. In manchen Regionen wird der Niederschlag ansteigen, in anderen kommt es vermehrt zu D\u00fcrren. \u00dcberall werden sich die Menschen auf die \u00c4nderungen einstellen m\u00fcssen. Die Frage ist nur, wer kann sich die Anpassungen leisten und wer nicht. <a href=\"http:\/\/www.heise.de\/tp\/artikel\/34\/34313\/1.html\" target=\"_blank\">Dieser Bericht<\/a> zeichnet die regionalen Folgen des Klimawandels im Verh\u00e4ltnis zu Bev\u00f6lkerungswachstum und Reichtum auf.<\/p>\n<p>Um den Bericht nachzuvollziehen, habe ich Weltkarten gesucht, welche die voraussichtliche \u00c4nderung der landwirtschaftlichen Ertr\u00e4ge, das jeweilige Bruttosozialprodukt sowie das Bev\u00f6lkerungswachstum darstellen:<\/p>\n<div class='polaroid-gallery galleryid-844' style='width:auto;'>\n\t\t\t<a href=\"http:\/\/www.segunda-feira.de\/wp-content\/uploads\/2015\/08\/\u00c4nderung-der-landwirtschaftlichen-Ertr\u00e4ge-Weltagrarbericht-1024x686.png\" title=\"\u00c4nderung der landwirtschaftlichen Ertr\u00e4ge (Weltagrarbericht)\" rel=\"polaroid_1766373477\" class=\"polaroid-gallery-item showcaption\"><span class=\"polaroid-gallery-image\" title=\"\" style=\"background-image: url(http:\/\/www.segunda-feira.de\/wp-content\/uploads\/2015\/08\/\u00c4nderung-der-landwirtschaftlichen-Ertr\u00e4ge-Weltagrarbericht-140x140.png); width: 140px; height: 140px;\"><\/span><\/a>\n\t\t\t<a href=\"http:\/\/www.segunda-feira.de\/wp-content\/uploads\/2015\/08\/Bruttosozialprodukt-2013-Wikipedia-1024x525.png\" title=\"Bruttosozialprodukt 2013 (Wikipedia)\" rel=\"polaroid_1766373477\" class=\"polaroid-gallery-item showcaption\"><span class=\"polaroid-gallery-image\" title=\"\" style=\"background-image: url(http:\/\/www.segunda-feira.de\/wp-content\/uploads\/2015\/08\/Bruttosozialprodukt-2013-Wikipedia-140x140.png); width: 140px; height: 140px;\"><\/span><\/a>\n\t\t\t<a href=\"http:\/\/www.segunda-feira.de\/wp-content\/uploads\/2015\/08\/Wachstumsrate-Deutsche-Stiftung-Weltbev\u00f6lkerung-1024x452.png\" title=\"Wachstumsrate (Deutsche Stiftung Weltbev\u00f6lkerung)\" rel=\"polaroid_1766373477\" class=\"polaroid-gallery-item showcaption\"><span class=\"polaroid-gallery-image\" title=\"\" style=\"background-image: url(http:\/\/www.segunda-feira.de\/wp-content\/uploads\/2015\/08\/Wachstumsrate-Deutsche-Stiftung-Weltbev\u00f6lkerung-140x140.png); width: 140px; height: 140px;\"><\/span><\/a>\n\t\t\t<br style=\"clear: both;\" \/><\/div>\n\n<p>Diese Daten erzeugen bei mir eine erschreckende Vermutung: Afrika ist eine tickende Zeitbombe. Noch mehr Menschen in bereits sehr armen L\u00e4ndern, deren landwirtschaftliche Ertr\u00e4ge bedingt durch den Klimawandel zur\u00fcckgehen werden.<\/p>\n<p>Erst k\u00fcrzlich hat die Uno ihre Prognosen f\u00fcr die weltweite Bev\u00f6lkerungsentwicklung angepasst. Derzeit leben 7,1 Milliarden Menschen auf der Erde. Statt der bisher prognostizierten 10 Milliarden Menschen werden nach neuesten Erkenntnissen 11,2 Milliarden Menschen im Jahr 2100 die Erde bev\u00f6lkern. W\u00e4hrend Mittel- und S\u00fcdamerika sowie Asien leicht wachsen werden und Europa sogar schrumpft, wird Afrika seine Einwohnerzahl bis 2100 auf 4 Milliarden Menschen vervierfachen. L\u00e4nder wie Mali und Niger sind nicht nur die derzeit \u00e4rmsten L\u00e4nder der Welt. Sie haben auch die h\u00f6chste Fertilit\u00e4tsrate von <a href=\"http:\/\/www.factfish.com\/de\/statistik\/fertilit%C3%A4tsrate\" target=\"_blank\">circa sieben Kindern pro Frau<\/a>. Hinzu kommt, dass diese L\u00e4nder in der Sahelzone liegen und vom Klimawandel ganz besonders hart getroffen werden.<\/p>\n<p>Hier die Zusammenfassung der Uno-Prognose auf spiegel.de: <a href=\"http:\/\/www.spiegel.de\/wissenschaft\/mensch\/uno-prognose-so-entwickelt-sich-die-bevoelkerung-bis-2100-a-1046128.html\" target=\"_blank\">http:\/\/www.spiegel.de\/wissenschaft\/mensch\/uno-prognose-so-entwickelt-sich-die-bevoelkerung-bis-2100-a-1046128.html<\/a>.<\/p>\n<p>Doch die Daten weisen noch auf etwas anderes hin: Der Afghanistan-Konflikt, der arabische Fr\u00fchling, Boko Haram in Nigeria, die Krise in Somalia, selbst der Konflikt zwischen Sunniten und Schiiten in Syrien und im Irak erscheinen pl\u00f6tzlich in einem anderen Licht. K\u00f6nnte es sein, dass die Ursachen f\u00fcr die Radikalisierung der Menschen in den betroffenen Regionen gar nicht religi\u00f6ser Natur sind, sondern mit \u00dcberbev\u00f6lkerung, Hunger und Armut zusammenh\u00e4ngen? Wird die Religion nur als moralische Rechtfertigung f\u00fcr Ausschreitungen, Terror sowie Territoriums- und Machtanspr\u00fcche einer frustrierten Jugend missbraucht?<\/p>\n<p>Eins sollte klar sein: Der Druck in den aktuellen Krisenregionen wird durch das Bev\u00f6lkerungswachstum und durch die Auswirkungen des Klimawandels noch steigen. Flucht der Menschen aus diesen Regionen ist kein brauchbares Ventil. Europa macht seine Grenzen zu. Die kulturelle \u201eReinheit\u201c, die als Begr\u00fcndung vorgeschoben wird, ist nichts anderes als eine schlechte Ausrede f\u00fcr Besitzstandswahrung und Desinteresse an den wahren Gr\u00fcnden f\u00fcr die Flucht. Den Menschen bleibt also nur die Radikalisierung. Radikale islamische Prediger wittern bereits einen fruchtbaren N\u00e4hrboden f\u00fcr eine panislamische Bewegung. Damit k\u00f6nnten sie sogar Erfolg haben, wenn man sich die Verteilung des muslimischen Glaubens in der Welt anschaut:<\/p>\n<p><a href=\"http:\/\/www.segunda-feira.de\/wp-content\/uploads\/2015\/08\/Islam-je-Land-CIA-Factbook.png\"><img loading=\"lazy\" decoding=\"async\" class=\"alignnone size-large wp-image-845\" src=\"http:\/\/www.segunda-feira.de\/wp-content\/uploads\/2015\/08\/Islam-je-Land-CIA-Factbook-1024x471.png\" alt=\"Islam je Land (CIA Factbook)\" width=\"584\" height=\"269\" srcset=\"http:\/\/www.segunda-feira.de\/wp-content\/uploads\/2015\/08\/Islam-je-Land-CIA-Factbook.png 1024w, http:\/\/www.segunda-feira.de\/wp-content\/uploads\/2015\/08\/Islam-je-Land-CIA-Factbook-300x138.png 300w, http:\/\/www.segunda-feira.de\/wp-content\/uploads\/2015\/08\/Islam-je-Land-CIA-Factbook-500x230.png 500w\" sizes=\"auto, (max-width: 584px) 100vw, 584px\" \/><\/a><\/p>\n<p>Gr\u00fcn: Sunniten, Rot: Schiiten, Blau: Ibraditen<\/p>\n<p>Neben Zentral- und S\u00fcdamerika sind besonders die muslimischen L\u00e4nder von den Folgen des Klimawandels und des Bev\u00f6lkerungswachstums betroffen. In Syrien und Irak hat der so genannte \u201eIslamische Staat\u201c zwar wahrscheinlich seine maximale Ausdehnung erreicht, da es sich um einen lokalen Konflikt zwischen Schiiten und Sunniten handelt. Doch nun ist diese Terrororganisation auch in Libyen erfolgreich und, mit dem Anschluss von Boko Haram im Fr\u00fchjahr 2015, in Nigeria.<\/p>\n<p>Die Religion bietet den Terrororganisationen ein ideales Mittel der Integration und Identifikation sowie der Abgrenzung nach au\u00dfen. Wenn sich der Westen auf diese Strategie einl\u00e4sst, was bereits durch die Kreuzzugspolitik von George W. Bush, durch den Erfolg des Front National in Frankreich sowie durch die Pegida-Bewegung in Deutschland geschehen ist, dann ist ein erneuter bewaffneter Konflikt zwischen dem christlich gepr\u00e4gten \u201eAbendland\u201c und dem muslimisch gepr\u00e4gten \u201eMorgenland\u201c vorprogrammiert. In dieser Auseinandersetzung wird es vordergr\u00fcndig um Ideologien und hintergr\u00fcndig um Ressourcen gehen. Er wird besonders durch die Ungleichheit der Mittel gepr\u00e4gt sein. Hochger\u00fcstete und zum Teil bereits automatisierte Waffentechnologie wird gegen eine Unzahl von festentschlossenen jungen Menschen antreten.<\/p>\n<p>Oder befinden wir uns gar bereits mitten drin?<\/p>\n<p>Videoquellen zu den Themen Bev\u00f6lkerungsentwicklung und Klimawandel:<\/p>\n<ul>\n<li><a href=\"https:\/\/www.youtube.com\/watch?v=yhFJyowZ2YA\" target=\"_blank\">Kollaps der Menschheit durch \u00dcberbev\u00f6lkerung (1\/2)<\/a><\/li>\n<li><a href=\"https:\/\/www.youtube.com\/watch?v=JsIKMJ5TMyo\" target=\"_blank\">Kollaps der Menschheit durch \u00dcberbev\u00f6lkerung (2\/2)<\/a><\/li>\n<li><a href=\"https:\/\/www.youtube.com\/watch?v=TpMYb9rUx30\" target=\"_blank\">Aldous Huxley zu \u00dcberbev\u00f6lkerung und Totalitarismus<\/a><\/li>\n<li><a href=\"https:\/\/www.youtube.com\/watch?v=TG-Wu36-G7g\" target=\"_blank\">Harald Lesch: Der Klimawandel&#8230;<\/a><\/li>\n<li><a href=\"https:\/\/www.youtube.com\/watch?v=3G0z1hfYFQE\" target=\"_blank\">Mit offenen Karten &#8211; Bev\u00f6lkerungsentwicklung und Politik<\/a><\/li>\n<\/ul>\n","protected":false},"excerpt":{"rendered":"<p>Der Klimawandel, also die Erw\u00e4rmung der Luft und der Ozeane sowie der Anstieg des Meeresspiegels und das Schmelzen des Eises der Polkappen und der Mehrheit der Gletscher, ist ein reales Ph\u00e4nomen, und er wird mit einer Wahrscheinlichkeit von 95-100 Prozent &hellip; <a href=\"http:\/\/www.segunda-feira.de\/?page_id=844\">Weiterlesen <span class=\"meta-nav\">&rarr;<\/span><\/a><\/p>\n","protected":false},"author":1,"featured_media":0,"parent":634,"menu_order":0,"comment_status":"closed","ping_status":"closed","template":"sidebar-page.php","meta":{"jetpack_post_was_ever_published":false,"footnotes":""},"class_list":["post-844","page","type-page","status-publish","hentry"],"jetpack_sharing_enabled":true,"jetpack_shortlink":"https:\/\/wp.me\/P64WYd-dC","jetpack_likes_enabled":true,"_links":{"self":[{"href":"http:\/\/www.segunda-feira.de\/index.php?rest_route=\/wp\/v2\/pages\/844","targetHints":{"allow":["GET"]}}],"collection":[{"href":"http:\/\/www.segunda-feira.de\/index.php?rest_route=\/wp\/v2\/pages"}],"about":[{"href":"http:\/\/www.segunda-feira.de\/index.php?rest_route=\/wp\/v2\/types\/page"}],"author":[{"embeddable":true,"href":"http:\/\/www.segunda-feira.de\/index.php?rest_route=\/wp\/v2\/users\/1"}],"replies":[{"embeddable":true,"href":"http:\/\/www.segunda-feira.de\/index.php?rest_route=%2Fwp%2Fv2%2Fcomments&post=844"}],"version-history":[{"count":3,"href":"http:\/\/www.segunda-feira.de\/index.php?rest_route=\/wp\/v2\/pages\/844\/revisions"}],"predecessor-version":[{"id":849,"href":"http:\/\/www.segunda-feira.de\/index.php?rest_route=\/wp\/v2\/pages\/844\/revisions\/849"}],"up":[{"embeddable":true,"href":"http:\/\/www.segunda-feira.de\/index.php?rest_route=\/wp\/v2\/pages\/634"}],"wp:attachment":[{"href":"http:\/\/www.segunda-feira.de\/index.php?rest_route=%2Fwp%2Fv2%2Fmedia&parent=844"}],"curies":[{"name":"wp","href":"https:\/\/api.w.org\/{rel}","templated":true}]}}